{"id":5618,"date":"2023-01-18T18:33:14","date_gmt":"2023-01-18T17:33:14","guid":{"rendered":"https:\/\/giabn.com\/?page_id=5618"},"modified":"2023-01-18T18:33:14","modified_gmt":"2023-01-18T17:33:14","slug":"asthma-risk-in-baby-swimming-in-chlorine","status":"publish","type":"page","link":"https:\/\/giabn.com\/pt\/asthma-risk-in-baby-swimming-in-chlorine\/","title":{"rendered":"Para os b\u00e9b\u00e9s: Risco de asma no banho de cloro"},"content":{"rendered":"<p><span class=\"datum\">30 de Janeiro de 2011 (Berlim, Alemanha) <\/span><\/p>\n<h2>Para os b\u00e9b\u00e9s: Risco de asma no banho de cloro<\/h2>\n<div class=\"p\">\n<p>Se mesmo o escrit\u00f3rio de imprensa da Ag\u00eancia Federal do Ambiente (UBA) se viu obrigado formular \u00abpara crian\u00e7as menores de dois anos de idade, com hist\u00f3ria familiar de alergias, de momento, n\u00e3o mais aulas de nata\u00e7\u00e3o para b\u00e9b\u00e9s\u00bb, ent\u00e3o n\u00e3o \u00e9 bom para as perspectivas de sa\u00fade para os nossos filhos mais novos quando visitam piscinas cobertas. A recomenda\u00e7\u00e3o da Ag\u00eancia exige nenhum coment\u00e1rio adicional pela ind\u00fastria de piscinas naturalizadas. Basta citar o press release da UBA, \u00abprodutos da rea\u00e7\u00e3o do cloro podem contribuir para o desenvolvimento da asma em grupos de alto risco. Especialmente o tricloramina, um produto da rea\u00e7\u00e3o do cloro e ur\u00e9ia, \u00e9 a subst\u00e2ncia suspeita. Se, de facto, um efeito nocivo sobre o pulm\u00e3o come\u00e7a na fase da primeira inf\u00e2ncia, isso leva a asma. A situa\u00e7\u00e3o ainda n\u00e3o pode ser julgado a final devido \u00e0 falta de dados sobre o n\u00edvel do limiar de tricloramina. Pensando nos pais preocupados de crian\u00e7as menores de dois anos a Ag\u00eancia Ambiental Federal (UBA) recomenda que se abstenha de nata\u00e7\u00e3o para beb\u00eas, por raz\u00f5es de precau\u00e7\u00e3o, at\u00e9 determinar se as suspeitas forem confirmadas.\u00bb<\/p>\n<\/div>\n<p><\/p>","protected":false},"excerpt":{"rendered":"<p>30 de Janeiro de 2011 (Berlim, Alemanha) Para os b\u00e9b\u00e9s: Risco de asma no banho de cloro Se mesmo o escrit\u00f3rio de [&hellip;]<\/p>\n","protected":false},"author":1,"featured_media":0,"parent":0,"menu_order":0,"comment_status":"closed","ping_status":"closed","template":"","meta":{"footnotes":""},"class_list":["post-5618","page","type-page","status-publish","hentry"],"yoast_head":"<!-- This site is optimized with the Yoast SEO plugin v27.5 - https:\/\/yoast.com\/product\/yoast-seo-wordpress\/ -->\n<title>Para os b\u00e9b\u00e9s: Risco de asma no banho de cloro - GIABN<\/title>\n<meta name=\"robots\" content=\"index, follow, max-snippet:-1, max-image-preview:large, max-video-preview:-1\" \/>\n<link rel=\"canonical\" href=\"https:\/\/giabn.com\/asthma-risk-in-baby-swimming-in-chlorine\/\" \/>\n<meta name=\"twitter:card\" content=\"summary_large_image\" \/>\n<meta name=\"twitter:title\" content=\"[:en]Asthma risk in baby swimming in chlorine?[:pt]Para os b\u00e9b\u00e9s: Risco de asma no banho de cloro[:ca] Piscines clorades i risc d&#039;asma en nadons [:es]Piscinas cloradas y riesgo de asma en beb\u00e9s[:] - GIABN\" \/>\n<meta name=\"twitter:description\" content=\"30 de Janeiro de 2011 (Berlim, Alemanha) Para os b\u00e9b\u00e9s: Risco de asma no banho de cloro Se mesmo o escrit\u00f3rio de [&hellip;]\" \/>\n<meta name=\"twitter:label1\" content=\"Tempo estimado de leitura\" \/>\n\t<meta name=\"twitter:data1\" content=\"4 minutos\" \/>\n<script type=\"application\/ld+json\" class=\"yoast-schema-graph\">{\"@context\":\"https:\\\/\\\/schema.org\",\"@graph\":[{\"@type\":\"WebPage\",\"@id\":\"https:\\\/\\\/giabn.com\\\/asthma-risk-in-baby-swimming-in-chlorine\\\/\",\"url\":\"https:\\\/\\\/giabn.com\\\/asthma-risk-in-baby-swimming-in-chlorine\\\/\",\"name\":\"[:en]Asthma risk in baby swimming in chlorine?[:pt]Para os b\u00e9b\u00e9s: Risco de asma no banho de cloro[:ca] Piscines clorades i risc d'asma en nadons [:es]Piscinas cloradas y riesgo de asma en beb\u00e9s[:] - GIABN\",\"isPartOf\":{\"@id\":\"https:\\\/\\\/giabn.com\\\/ca\\\/#website\"},\"datePublished\":\"2023-01-18T17:33:14+00:00\",\"breadcrumb\":{\"@id\":\"https:\\\/\\\/giabn.com\\\/asthma-risk-in-baby-swimming-in-chlorine\\\/#breadcrumb\"},\"inLanguage\":\"pt-PT\",\"potentialAction\":[{\"@type\":\"ReadAction\",\"target\":[\"https:\\\/\\\/giabn.com\\\/asthma-risk-in-baby-swimming-in-chlorine\\\/\"]}]},{\"@type\":\"BreadcrumbList\",\"@id\":\"https:\\\/\\\/giabn.com\\\/asthma-risk-in-baby-swimming-in-chlorine\\\/#breadcrumb\",\"itemListElement\":[{\"@type\":\"ListItem\",\"position\":1,\"name\":\"Home\",\"item\":\"https:\\\/\\\/giabn.com\\\/\"},{\"@type\":\"ListItem\",\"position\":2,\"name\":\"Piscinas cloradas y riesgo de asma en beb\u00e9s\"}]},{\"@type\":\"WebSite\",\"@id\":\"https:\\\/\\\/giabn.com\\\/ca\\\/#website\",\"url\":\"https:\\\/\\\/giabn.com\\\/ca\\\/\",\"name\":\"GIABN\",\"description\":\"Grupo Ib&eacute;rico de Aguas de Ba\u00f1o Naturalizadas GIABN\",\"publisher\":{\"@id\":\"https:\\\/\\\/giabn.com\\\/ca\\\/#organization\"},\"potentialAction\":[{\"@type\":\"SearchAction\",\"target\":{\"@type\":\"EntryPoint\",\"urlTemplate\":\"https:\\\/\\\/giabn.com\\\/ca\\\/?s={search_term_string}\"},\"query-input\":{\"@type\":\"PropertyValueSpecification\",\"valueRequired\":true,\"valueName\":\"search_term_string\"}}],\"inLanguage\":\"pt-PT\"},{\"@type\":\"Organization\",\"@id\":\"https:\\\/\\\/giabn.com\\\/ca\\\/#organization\",\"name\":\"IOB EV\",\"url\":\"https:\\\/\\\/giabn.com\\\/ca\\\/\",\"logo\":{\"@type\":\"ImageObject\",\"inLanguage\":\"pt-PT\",\"@id\":\"https:\\\/\\\/giabn.com\\\/ca\\\/#\\\/schema\\\/logo\\\/image\\\/\",\"url\":\"https:\\\/\\\/giabn.com\\\/wp-content\\\/uploads\\\/2023\\\/01\\\/logo-giabn.png\",\"contentUrl\":\"https:\\\/\\\/giabn.com\\\/wp-content\\\/uploads\\\/2023\\\/01\\\/logo-giabn.png\",\"width\":134,\"height\":101,\"caption\":\"IOB EV\"},\"image\":{\"@id\":\"https:\\\/\\\/giabn.com\\\/ca\\\/#\\\/schema\\\/logo\\\/image\\\/\"}}]}<\/script>\n<!-- \/ Yoast SEO plugin. -->","yoast_head_json":{"title":"[:en]Asthma risk in baby swimming in chlorine?[:pt]Para os b\u00e9b\u00e9s: Risco de asma no banho de cloro[:ca] Piscines clorades i risc d'asma en nadons [:es]Piscinas cloradas y riesgo de asma en beb\u00e9s[:] - GIABN","robots":{"index":"index","follow":"follow","max-snippet":"max-snippet:-1","max-image-preview":"max-image-preview:large","max-video-preview":"max-video-preview:-1"},"canonical":"https:\/\/giabn.com\/asthma-risk-in-baby-swimming-in-chlorine\/","twitter_card":"summary_large_image","twitter_title":"[:en]Asthma risk in baby swimming in chlorine?[:pt]Para os b\u00e9b\u00e9s: Risco de asma no banho de cloro[:ca] Piscines clorades i risc d'asma en nadons [:es]Piscinas cloradas y riesgo de asma en beb\u00e9s[:] - GIABN","twitter_description":"30 de Janeiro de 2011 (Berlim, Alemanha) Para os b\u00e9b\u00e9s: Risco de asma no banho de cloro Se mesmo o escrit\u00f3rio de [&hellip;]","twitter_misc":{"Tempo estimado de leitura":"4 minutos"},"schema":{"@context":"https:\/\/schema.org","@graph":[{"@type":"WebPage","@id":"https:\/\/giabn.com\/asthma-risk-in-baby-swimming-in-chlorine\/","url":"https:\/\/giabn.com\/asthma-risk-in-baby-swimming-in-chlorine\/","name":"[:en]Asthma risk in baby swimming in chlorine?[:pt]Para os b\u00e9b\u00e9s: Risco de asma no banho de cloro[:ca] Piscines clorades i risc d'asma en nadons [:es]Piscinas cloradas y riesgo de asma en beb\u00e9s[:] - GIABN","isPartOf":{"@id":"https:\/\/giabn.com\/ca\/#website"},"datePublished":"2023-01-18T17:33:14+00:00","breadcrumb":{"@id":"https:\/\/giabn.com\/asthma-risk-in-baby-swimming-in-chlorine\/#breadcrumb"},"inLanguage":"pt-PT","potentialAction":[{"@type":"ReadAction","target":["https:\/\/giabn.com\/asthma-risk-in-baby-swimming-in-chlorine\/"]}]},{"@type":"BreadcrumbList","@id":"https:\/\/giabn.com\/asthma-risk-in-baby-swimming-in-chlorine\/#breadcrumb","itemListElement":[{"@type":"ListItem","position":1,"name":"Home","item":"https:\/\/giabn.com\/"},{"@type":"ListItem","position":2,"name":"Piscinas cloradas y riesgo de asma en beb\u00e9s"}]},{"@type":"WebSite","@id":"https:\/\/giabn.com\/ca\/#website","url":"https:\/\/giabn.com\/ca\/","name":"GIABN","description":"Grupo Ib&eacute;rico de Aguas de Ba\u00f1o Naturalizadas GIABN","publisher":{"@id":"https:\/\/giabn.com\/ca\/#organization"},"potentialAction":[{"@type":"SearchAction","target":{"@type":"EntryPoint","urlTemplate":"https:\/\/giabn.com\/ca\/?s={search_term_string}"},"query-input":{"@type":"PropertyValueSpecification","valueRequired":true,"valueName":"search_term_string"}}],"inLanguage":"pt-PT"},{"@type":"Organization","@id":"https:\/\/giabn.com\/ca\/#organization","name":"IOB EV","url":"https:\/\/giabn.com\/ca\/","logo":{"@type":"ImageObject","inLanguage":"pt-PT","@id":"https:\/\/giabn.com\/ca\/#\/schema\/logo\/image\/","url":"https:\/\/giabn.com\/wp-content\/uploads\/2023\/01\/logo-giabn.png","contentUrl":"https:\/\/giabn.com\/wp-content\/uploads\/2023\/01\/logo-giabn.png","width":134,"height":101,"caption":"IOB EV"},"image":{"@id":"https:\/\/giabn.com\/ca\/#\/schema\/logo\/image\/"}}]}},"_links":{"self":[{"href":"https:\/\/giabn.com\/pt\/wp-json\/wp\/v2\/pages\/5618","targetHints":{"allow":["GET"]}}],"collection":[{"href":"https:\/\/giabn.com\/pt\/wp-json\/wp\/v2\/pages"}],"about":[{"href":"https:\/\/giabn.com\/pt\/wp-json\/wp\/v2\/types\/page"}],"author":[{"embeddable":true,"href":"https:\/\/giabn.com\/pt\/wp-json\/wp\/v2\/users\/1"}],"replies":[{"embeddable":true,"href":"https:\/\/giabn.com\/pt\/wp-json\/wp\/v2\/comments?post=5618"}],"version-history":[{"count":0,"href":"https:\/\/giabn.com\/pt\/wp-json\/wp\/v2\/pages\/5618\/revisions"}],"wp:attachment":[{"href":"https:\/\/giabn.com\/pt\/wp-json\/wp\/v2\/media?parent=5618"}],"curies":[{"name":"wp","href":"https:\/\/api.w.org\/{rel}","templated":true}]}}