{"id":5565,"date":"2023-01-18T15:48:07","date_gmt":"2023-01-18T14:48:07","guid":{"rendered":"https:\/\/giabn.com\/?page_id=5565"},"modified":"2023-01-18T18:45:50","modified_gmt":"2023-01-18T17:45:50","slug":"news","status":"publish","type":"page","link":"https:\/\/giabn.com\/pt\/news\/","title":{"rendered":"Novidades"},"content":{"rendered":"<div id=\"pl-5565\"  class=\"panel-layout\" ><div id=\"pg-5565-0\"  class=\"panel-grid panel-has-style\" ><div style=\"padding: 100px 0; \" data-overlay=\"true\" class=\"panel-row-style panel-row-style-for-5565-0\" ><div id=\"pgc-5565-0-0\"  class=\"panel-grid-cell\" ><div id=\"panel-5565-0-0-0\" class=\"so-panel widget widget_sow-editor panel-first-child panel-last-child\" data-index=\"0\" ><div style=\"text-align: left;\" data-title-color=\"#443f3f\" data-headings-color=\"#443f3f\" class=\"panel-widget-style panel-widget-style-for-5565-0-0-0\" ><div\n\t\t\t\n\t\t\tclass=\"so-widget-sow-editor so-widget-sow-editor-base\"\n\t\t\t\n\t\t>\n<div class=\"siteorigin-widget-tinymce textwidget\">\n\t<div class=\"head\">\n<h2><\/div>\n<div>\n<div class=\"head\">\n<h2>Novidades<\/h2>\n<\/div>\n<div class=\"body\">\n<div class=\"wkt_newsgruppeliste\">\n<div class=\"liste\">\n<div class=\"listelement\">\n<div class=\"randbemerkung\"><\/div>\n<div class=\"randbemerkung\">15 de Novembro de 2014 (Faro, Portugal)<\/div>\n<h2>INSMED recomenda piscinas biol\u00f3gicas<\/h2>\n<p>Pela primeira vez, um programa da Uni\u00e3o Europeia est\u00e1 a recomendar a instala\u00e7\u00e3o de piscinas de tratamento biol\u00f3gico. \u00a0\u00a0\u00a0\u00a0\u00a0\u00a0\u00a0\u00a0\u00a0\u00a0\u00a0\u00a0 <span class=\"mehr\"><a class=\"mehr\" href=\"https:\/\/giabn.com\/insmed-recommends-swimming-ponds\/\" target=\"_blank\" rel=\"noopener\">mais<\/a><\/span><\/p>\n<\/div>\n<div class=\"listelement\">\n<div>\n<hr \/>\n<\/div>\n<div><\/div>\n<div class=\"randbemerkung\">21 de Outubro de 2014 (Bremen, Alemanha)<\/div>\n<h2>Pr\u00e9mio PONDY<\/h2>\n<p>A Organiza\u00e7\u00e3o Internacional para as \u00e1guas balneares naturalizadas (IOB), lan\u00e7ou o novo pr\u00e9mio de design chamado Pondy. O Pondy vai estrear no \u00e2mbito do 8 \u00ba Congresso Internacional de piscinas naturalizadas, em Outubro de 2015, em Col\u00f4nia.<br \/>\nO prazo de entrega dos documentos de participa\u00e7\u00e3o no pr\u00e9mio Pondy termina no dia 15 de Fevereiro de 2015! \u00a0\u00a0\u00a0\u00a0\u00a0\u00a0\u00a0\u00a0\u00a0\u00a0\u00a0\u00a0 <span class=\"mehr\"><a class=\"mehr\" href=\"https:\/\/giabn.com\/pondy-award\/\" target=\"_blank\" rel=\"noopener\">mais<\/a><\/span><\/p>\n<\/div>\n<div class=\"listelement\">\n<div>\n<hr \/>\n<\/div>\n<div><\/div>\n<div class=\"randbemerkung\">16 de Outubro de 2014 (Bremen, Alemanha)<\/div>\n<h2>Brochura sobre piscinas p\u00fablicas de tratamento biol\u00f3gico<\/h2>\n<p>Foi editado pela IOB, a organiza\u00e7\u00e3o internacional da ind\u00fastria de piscinas naturalizadas, uma brochura sobre a higiene nas piscinas p\u00fablicas com tratamento de \u00e1gua biol\u00f3gico. \u00a0\u00a0\u00a0\u00a0\u00a0\u00a0\u00a0\u00a0\u00a0\u00a0\u00a0\u00a0 <span class=\"mehr\"><a class=\"mehr\" href=\"https:\/\/giabn.com\/brochure-about-hygiene-in-public-swimming-ponds\/\" target=\"_blank\" rel=\"noopener\">mais<\/a><\/span><\/p>\n<\/div>\n<div class=\"listelement\">\n<div>\n<hr \/>\n<\/div>\n<div><\/div>\n<div class=\"randbemerkung\">1 de Julho de 2014 (Aljezur, Portugal)<\/div>\n<h2>1. Conferencia Ib\u00e9rica de Piscinas com tratamento biol\u00f3gico<\/h2>\n<p>Piscinas de tratamento biol\u00f3gico estar\u00e3o no foco na primeira Conferencia Ib\u00e9rica sobre o assunto, no dia 30 de Setembro de 2014 em Aljezur, organizada pelo Grupo Ib\u00e9rico de \u00c1guas Balneares Naturalizadas GIABN. \u00a0\u00a0\u00a0\u00a0\u00a0\u00a0\u00a0\u00a0\u00a0\u00a0\u00a0\u00a0 <span class=\"mehr\"><a class=\"mehr\" href=\"https:\/\/giabn.com\/1-conferencia-iberica-de-piscinas-com-tratamento-biologico\/\">mais<\/a><\/span><\/p>\n<\/div>\n<div class=\"listelement\">\n<div>\n<hr \/>\n<\/div>\n<div><\/div>\n<div class=\"randbemerkung\">1 de Julho de 2014 (Cabrils)<\/div>\n<h2>Novo email do GIABN<\/h2>\n<p>Informamos todos os nossos s\u00f3cios e amigos que o GIABN tem um novo email: giabn.org@gmail.com<\/p>\n<div>\n<hr \/>\n<\/div>\n<\/div>\n<div class=\"listelement\">\n<div><\/div>\n<div class=\"randbemerkung\">17 de Junho de 2014 (Cabrils)<\/div>\n<h2>Piscina de tratamento biol\u00f3gico no Pa\u00eds Vasco<\/h2>\n<p>A cidade de Ordu\u00f1a, no Pa\u00eds Vasco, est\u00e1 preparar um projecto de uma piscina de tratamento biol\u00f3gico. Ser\u00e1 a primeira p\u00fablica em Espanha.<\/p>\n<\/div>\n<div class=\"listelement\">\n<div>\n<hr \/>\n<\/div>\n<div><\/div>\n<div class=\"randbemerkung\">23 de Outubro de 2013 (Bregenz, Austria)<\/div>\n<h2>Congresso Internacional<\/h2>\n<p>O pr\u00f3ximo Congresso Internacional e Exposi\u00e7\u00e3o de piscinas biol\u00f3gicas ter\u00e1 lugar em Col\u00f3nia, Alemanha (Outubro, 2015).<\/p>\n<div>\n<hr \/>\n<\/div>\n<\/div>\n<div class=\"listelement\">\n<div><\/div>\n<div class=\"randbemerkung\">22 de Outubro de 2013 (Bonn, Alemanha)<\/div>\n<h2>FLL directrizes agora tamb\u00e9m em ingl\u00eas<\/h2>\n<p>As \u00bbDiretrizes para a concep\u00e7\u00e3o, constru\u00e7\u00e3o, manuten\u00e7\u00e3o e opera\u00e7\u00e3o de piscinas com tratamento biol\u00f3gico de \u00e1gua (piscinas biol\u00f3gicas)\u00ab da edi\u00e7\u00e3o de 2011 j\u00e1 est\u00e3o dispon\u00edveis em Ingl\u00eas. mais \u00a0\u00a0\u00a0\u00a0\u00a0\u00a0\u00a0\u00a0\u00a0\u00a0\u00a0\u00a0 <span class=\"mehr\"><a class=\"mehr\" href=\"https:\/\/giabn.com\/fll-directive-now-also-in-english\/\" target=\"_blank\" rel=\"noopener\">mais<\/a><\/span><\/p>\n<\/div>\n<div class=\"listelement\">\n<div>\n<hr \/>\n<\/div>\n<div><\/div>\n<div class=\"randbemerkung\">26 de Fevereiro de 2013 (Cabrils - Barcelona)<\/div>\n<h2>Semana da piscina biol\u00f3gica<\/h2>\n<p>Este ano vai estrear a \u00bbSemana Internacional da piscina biol\u00f3gica\u00ab 8 at\u00e9 15 de Junho, atrav\u00e9s de jornadas de portas abertas, visitas e demonstra\u00e7\u00f5es de lagoas de nata\u00e7\u00e3o e muitos eventos especiais. D\u00ea uma olhada na se\u00e7\u00e3o dos s\u00f3cios do GIABN e entre em contato com a empresa da vossa zona para saber mais sobre este evento.<\/p>\n<div>\n<hr \/>\n<\/div>\n<\/div>\n<div class=\"listelement\">\n<div><\/div>\n<div class=\"randbemerkung\">19 de Abril de 2012 (Fund\u00e3o, Portugal)<\/div>\n<h2>Ele\u00e7\u00f5es para a Junta<\/h2>\n<p>Na sua Assembleia Geral Grupo Iberico de aguas de ba\u00f1o naturalizadas eleitou Udo Schwarzer como novo Vice-Presdente em substitui\u00e7\u00e3o de Peter Enge que deixou esta carga por raz\u00f5es profissionais. Novo secret\u00e1rio da Junta \u00e9 Stefan Meier.<\/p>\n<div>\n<hr \/>\n<\/div>\n<\/div>\n<div class=\"listelement\">\n<div><\/div>\n<div class=\"randbemerkung\">29 de Outubro de 2011 (Budweis, R\u00e9p. Checa)<\/div>\n<h2>Nova direc\u00e7\u00e3o do Grupo Ib\u00e9rico<\/h2>\n<p>A Assembleia Geral do Grupo Ib\u00e9rico acabou de votar para uma nova direc\u00e7\u00e3o.<br \/>\nCarles P\u00e9rez \u00e9 o novo Presidente. Udo Schwarzer fica com o encargo do secret\u00e1rio. Como vice-Presidente, tesoueiro e vocal continuam Peter Enge, Ignacio Pujol-Xicoy e Claudia Schwarzer.<\/p>\n<div>\n<hr \/>\n<\/div>\n<\/div>\n<div class=\"listelement\">\n<div><\/div>\n<div class=\"randbemerkung\">30 de Janeiro de 2011 (Berlim, Alemanha)<\/div>\n<h2>Para os b\u00e9b\u00e9s: Risco de asma no banho de cloro<\/h2>\n<p>\u00abExiste o suspeito que a \u00e1gua de piscinas com cloro podia desencadear asma, nomeadamente na nata\u00e7\u00e3o de beb\u00eas. \u00c9 necess\u00e1rio estudar a natureza e o efeito dos materiais eleg\u00edveis a partir do ar interior para realizar mais para preencher a lacuna do conhecimento existente\u00bb por tr\u00e1s dessa redac\u00e7\u00e3o amanteigado do Ag\u00eancia Ambiental Federal Alem\u00e3 est\u00e1 nada menos do que o aviso que o cloro podia causar graves problemas nos mais pequenos. \u00a0\u00a0\u00a0\u00a0\u00a0\u00a0\u00a0\u00a0\u00a0\u00a0\u00a0\u00a0 <span class=\"mehr\"><a class=\"mehr\" href=\"https:\/\/giabn.com\/asthma-risk-in-baby-swimming-in-chlorine\/\" target=\"_blank\" rel=\"noopener\">mais<\/a><\/span><\/p>\n<\/div>\n<div class=\"listelement\">\n<div>\n<hr \/>\n<\/div>\n<div><\/div>\n<div class=\"randbemerkung\">14 de Agosto de 2010 (Bremen, Alemanha)<\/div>\n<h2>Proposta de regulamento para piscinas naturalizadas<\/h2>\n<p>A organiza\u00e7\u00e3o internacional de piscinas naturalizadas IOB apresenta uma proposta de regulamentos para piscinas naturalizadas de uso p\u00fablico. \u00a0\u00a0\u00a0\u00a0\u00a0\u00a0\u00a0\u00a0\u00a0\u00a0\u00a0\u00a0 <span class=\"mehr\"><a class=\"mehr\" href=\"https:\/\/giabn.com\/proposal-guidelines-for-swimming-ponds\/\" target=\"_blank\" rel=\"noopener\">mais<\/a><\/span><\/p>\n<\/div>\n<div class=\"listelement\">\n<div>\n<hr \/>\n<\/div>\n<div><\/div>\n<div class=\"randbemerkung\">4 de Julho de 2010 (Bremen, Alemanha)<\/div>\n<h2>Aprender construir<\/h2>\n<p>H\u00e1 algunas anos, as organiza\u00e7\u00f5es de construtores de piscinas naturalizadas na Alemanha e na Su\u00ed\u00e7a est\u00e3o a organizar cursos de forma\u00e7\u00e3o para construtores de piscinas naturalizadas.<br \/>\nAt\u00e9 hoje sempre foram dados em alem\u00e3o e, portanto, era bastante dif\u00edcil para os n\u00e3o-falantes de alem\u00e3o para participar nestes cursos de qualifica\u00e7\u00e3o. Para 2012, a organiza\u00e7\u00e3o alem\u00e3 DGfnB est\u00e1 juntando todas as condi\u00e7\u00f5es para manter o curso em Ingl\u00eas.<\/p>\n<\/div>\n<\/div>\n<div>\n<\/div>\n<\/div>\n<\/div>\n<\/div>\n<\/div>\n<\/div><\/div><\/div><\/div><\/div><\/div><\/div>","protected":false},"excerpt":{"rendered":"<p>Novidades 15 de Novembro de 2014 (Faro, Portugal) INSMED recomenda piscinas biol\u00f3gicas Pela primeira vez, um programa da Uni\u00e3o Europeia est\u00e1 a [&hellip;]<\/p>\n","protected":false},"author":1,"featured_media":0,"parent":0,"menu_order":0,"comment_status":"closed","ping_status":"closed","template":"","meta":{"footnotes":""},"class_list":["post-5565","page","type-page","status-publish","hentry"],"yoast_head":"<!-- This site is optimized with the Yoast SEO plugin v27.5 - https:\/\/yoast.com\/product\/yoast-seo-wordpress\/ -->\n<title>Novidades - GIABN<\/title>\n<meta name=\"robots\" content=\"index, follow, max-snippet:-1, max-image-preview:large, max-video-preview:-1\" \/>\n<link rel=\"canonical\" href=\"https:\/\/giabn.com\/news\/\" \/>\n<meta name=\"twitter:card\" content=\"summary_large_image\" \/>\n<meta name=\"twitter:title\" content=\"[:en]News[:pt]Novidades[:ca]Not\u00edcies[:es]Noticias[:] - GIABN\" \/>\n<meta name=\"twitter:description\" content=\"Novidades 15 de Novembro de 2014 (Faro, Portugal) INSMED recomenda piscinas biol\u00f3gicas Pela primeira vez, um programa da Uni\u00e3o Europeia est\u00e1 a [&hellip;]\" \/>\n<meta name=\"twitter:label1\" content=\"Tempo estimado de leitura\" \/>\n\t<meta name=\"twitter:data1\" content=\"13 minutos\" \/>\n<script type=\"application\/ld+json\" class=\"yoast-schema-graph\">{\"@context\":\"https:\\\/\\\/schema.org\",\"@graph\":[{\"@type\":\"WebPage\",\"@id\":\"https:\\\/\\\/giabn.com\\\/news\\\/\",\"url\":\"https:\\\/\\\/giabn.com\\\/news\\\/\",\"name\":\"[:en]News[:pt]Novidades[:ca]Not\u00edcies[:es]Noticias[:] - GIABN\",\"isPartOf\":{\"@id\":\"https:\\\/\\\/giabn.com\\\/ca\\\/#website\"},\"datePublished\":\"2023-01-18T14:48:07+00:00\",\"dateModified\":\"2023-01-18T17:45:50+00:00\",\"breadcrumb\":{\"@id\":\"https:\\\/\\\/giabn.com\\\/news\\\/#breadcrumb\"},\"inLanguage\":\"pt-PT\",\"potentialAction\":[{\"@type\":\"ReadAction\",\"target\":[\"https:\\\/\\\/giabn.com\\\/news\\\/\"]}]},{\"@type\":\"BreadcrumbList\",\"@id\":\"https:\\\/\\\/giabn.com\\\/news\\\/#breadcrumb\",\"itemListElement\":[{\"@type\":\"ListItem\",\"position\":1,\"name\":\"Home\",\"item\":\"https:\\\/\\\/giabn.com\\\/\"},{\"@type\":\"ListItem\",\"position\":2,\"name\":\"Noticias\"}]},{\"@type\":\"WebSite\",\"@id\":\"https:\\\/\\\/giabn.com\\\/ca\\\/#website\",\"url\":\"https:\\\/\\\/giabn.com\\\/ca\\\/\",\"name\":\"GIABN\",\"description\":\"Grupo Ib&eacute;rico de Aguas de Ba\u00f1o Naturalizadas GIABN\",\"publisher\":{\"@id\":\"https:\\\/\\\/giabn.com\\\/ca\\\/#organization\"},\"potentialAction\":[{\"@type\":\"SearchAction\",\"target\":{\"@type\":\"EntryPoint\",\"urlTemplate\":\"https:\\\/\\\/giabn.com\\\/ca\\\/?s={search_term_string}\"},\"query-input\":{\"@type\":\"PropertyValueSpecification\",\"valueRequired\":true,\"valueName\":\"search_term_string\"}}],\"inLanguage\":\"pt-PT\"},{\"@type\":\"Organization\",\"@id\":\"https:\\\/\\\/giabn.com\\\/ca\\\/#organization\",\"name\":\"IOB EV\",\"url\":\"https:\\\/\\\/giabn.com\\\/ca\\\/\",\"logo\":{\"@type\":\"ImageObject\",\"inLanguage\":\"pt-PT\",\"@id\":\"https:\\\/\\\/giabn.com\\\/ca\\\/#\\\/schema\\\/logo\\\/image\\\/\",\"url\":\"https:\\\/\\\/giabn.com\\\/wp-content\\\/uploads\\\/2023\\\/01\\\/logo-giabn.png\",\"contentUrl\":\"https:\\\/\\\/giabn.com\\\/wp-content\\\/uploads\\\/2023\\\/01\\\/logo-giabn.png\",\"width\":134,\"height\":101,\"caption\":\"IOB EV\"},\"image\":{\"@id\":\"https:\\\/\\\/giabn.com\\\/ca\\\/#\\\/schema\\\/logo\\\/image\\\/\"}}]}<\/script>\n<!-- \/ Yoast SEO plugin. -->","yoast_head_json":{"title":"[:en]News[:pt]Novidades[:ca]Not\u00edcies[:es]Noticias[:] - GIABN","robots":{"index":"index","follow":"follow","max-snippet":"max-snippet:-1","max-image-preview":"max-image-preview:large","max-video-preview":"max-video-preview:-1"},"canonical":"https:\/\/giabn.com\/news\/","twitter_card":"summary_large_image","twitter_title":"[:en]News[:pt]Novidades[:ca]Not\u00edcies[:es]Noticias[:] - GIABN","twitter_description":"Novidades 15 de Novembro de 2014 (Faro, Portugal) INSMED recomenda piscinas biol\u00f3gicas Pela primeira vez, um programa da Uni\u00e3o Europeia est\u00e1 a [&hellip;]","twitter_misc":{"Tempo estimado de leitura":"13 minutos"},"schema":{"@context":"https:\/\/schema.org","@graph":[{"@type":"WebPage","@id":"https:\/\/giabn.com\/news\/","url":"https:\/\/giabn.com\/news\/","name":"[:en]News[:pt]Novidades[:ca]Not\u00edcies[:es]Noticias[:] - GIABN","isPartOf":{"@id":"https:\/\/giabn.com\/ca\/#website"},"datePublished":"2023-01-18T14:48:07+00:00","dateModified":"2023-01-18T17:45:50+00:00","breadcrumb":{"@id":"https:\/\/giabn.com\/news\/#breadcrumb"},"inLanguage":"pt-PT","potentialAction":[{"@type":"ReadAction","target":["https:\/\/giabn.com\/news\/"]}]},{"@type":"BreadcrumbList","@id":"https:\/\/giabn.com\/news\/#breadcrumb","itemListElement":[{"@type":"ListItem","position":1,"name":"Home","item":"https:\/\/giabn.com\/"},{"@type":"ListItem","position":2,"name":"Noticias"}]},{"@type":"WebSite","@id":"https:\/\/giabn.com\/ca\/#website","url":"https:\/\/giabn.com\/ca\/","name":"GIABN","description":"Grupo Ib&eacute;rico de Aguas de Ba\u00f1o Naturalizadas GIABN","publisher":{"@id":"https:\/\/giabn.com\/ca\/#organization"},"potentialAction":[{"@type":"SearchAction","target":{"@type":"EntryPoint","urlTemplate":"https:\/\/giabn.com\/ca\/?s={search_term_string}"},"query-input":{"@type":"PropertyValueSpecification","valueRequired":true,"valueName":"search_term_string"}}],"inLanguage":"pt-PT"},{"@type":"Organization","@id":"https:\/\/giabn.com\/ca\/#organization","name":"IOB EV","url":"https:\/\/giabn.com\/ca\/","logo":{"@type":"ImageObject","inLanguage":"pt-PT","@id":"https:\/\/giabn.com\/ca\/#\/schema\/logo\/image\/","url":"https:\/\/giabn.com\/wp-content\/uploads\/2023\/01\/logo-giabn.png","contentUrl":"https:\/\/giabn.com\/wp-content\/uploads\/2023\/01\/logo-giabn.png","width":134,"height":101,"caption":"IOB EV"},"image":{"@id":"https:\/\/giabn.com\/ca\/#\/schema\/logo\/image\/"}}]}},"_links":{"self":[{"href":"https:\/\/giabn.com\/pt\/wp-json\/wp\/v2\/pages\/5565","targetHints":{"allow":["GET"]}}],"collection":[{"href":"https:\/\/giabn.com\/pt\/wp-json\/wp\/v2\/pages"}],"about":[{"href":"https:\/\/giabn.com\/pt\/wp-json\/wp\/v2\/types\/page"}],"author":[{"embeddable":true,"href":"https:\/\/giabn.com\/pt\/wp-json\/wp\/v2\/users\/1"}],"replies":[{"embeddable":true,"href":"https:\/\/giabn.com\/pt\/wp-json\/wp\/v2\/comments?post=5565"}],"version-history":[{"count":0,"href":"https:\/\/giabn.com\/pt\/wp-json\/wp\/v2\/pages\/5565\/revisions"}],"wp:attachment":[{"href":"https:\/\/giabn.com\/pt\/wp-json\/wp\/v2\/media?parent=5565"}],"curies":[{"name":"wp","href":"https:\/\/api.w.org\/{rel}","templated":true}]}}