{"id":5565,"date":"2023-01-18T15:48:07","date_gmt":"2023-01-18T14:48:07","guid":{"rendered":"https:\/\/giabn.com\/?page_id=5565"},"modified":"2023-01-18T18:45:50","modified_gmt":"2023-01-18T17:45:50","slug":"news","status":"publish","type":"page","link":"https:\/\/giabn.com\/ca\/news\/","title":{"rendered":"Not\u00edcies"},"content":{"rendered":"<div id=\"pl-5565\"  class=\"panel-layout\" ><div id=\"pg-5565-0\"  class=\"panel-grid panel-has-style\" ><div style=\"padding: 100px 0; \" data-overlay=\"true\" class=\"panel-row-style panel-row-style-for-5565-0\" ><div id=\"pgc-5565-0-0\"  class=\"panel-grid-cell\" ><div id=\"panel-5565-0-0-0\" class=\"so-panel widget widget_sow-editor panel-first-child panel-last-child\" data-index=\"0\" ><div style=\"text-align: left;\" data-title-color=\"#443f3f\" data-headings-color=\"#443f3f\" class=\"panel-widget-style panel-widget-style-for-5565-0-0-0\" ><div\n\t\t\t\n\t\t\tclass=\"so-widget-sow-editor so-widget-sow-editor-base\"\n\t\t\t\n\t\t>\n<div class=\"siteorigin-widget-tinymce textwidget\">\n\t<div class=\"head\">\n<h2><\/div>\n<div>\n<div class=\"head\">\n<h2>Not\u00edcies<\/h2>\n<\/div>\n<div class=\"body\">\n<div class=\"wkt_newsgruppeliste\">\n<div class=\"liste\">\n<div class=\"listelement\">\n<div class=\"randbemerkung\"><\/div>\n<div class=\"randbemerkung\">15 \/ novembre \/ 2014 (Faro, Portugal)<\/div>\n<h2>Insmed recomana bany naturalitzades<\/h2>\n<p>Per primera vegada, un programa de la Uni\u00f3 Europea recomana la installaci\u00f3 de piscines de tractament biol\u00f2gic. \u00a0\u00a0\u00a0\u00a0\u00a0\u00a0\u00a0\u00a0\u00a0\u00a0\u00a0\u00a0 <span class=\"mehr\"><a class=\"mehr\" href=\"https:\/\/giabn.com\/insmed-recommends-swimming-ponds\/\" target=\"_blank\" rel=\"noopener\">m\u00e9s<\/a><\/span><\/p>\n<\/div>\n<div class=\"listelement\">\n<div>\n<hr \/>\n<\/div>\n<div><\/div>\n<div class=\"randbemerkung\">21 \/ octubre \/ 2014 (Bremen, Alemanya)<\/div>\n<h2>Premi PONDY<\/h2>\n<p>L'Organitzaci\u00f3 Internacional per a les aig\u00fces de bany naturalitzats (IOB), va posar en marxa un nou premi de disseny anomenat Pondy. El Pondy debutar\u00e0 com a part del vuit\u00e8 Congr\u00e9s Internacional de piscines naturalitzades, a l'octubre de 2015, a Col\u00f2nia.<br \/>\nEl termini de lliurament de la participaci\u00f3 en els documents d'adjudicaci\u00f3 Pondy acaba el 15 febrer 2015! \u00a0\u00a0\u00a0\u00a0\u00a0\u00a0\u00a0\u00a0\u00a0\u00a0\u00a0\u00a0 <span class=\"mehr\"><a class=\"mehr\" href=\"https:\/\/giabn.com\/pondy-award\/\" target=\"_blank\" rel=\"noopener\">m\u00e9s<\/a><\/span><\/p>\n<\/div>\n<div class=\"listelement\">\n<div>\n<hr \/>\n<\/div>\n<div><\/div>\n<div class=\"randbemerkung\">16 \/ octubre \/ 2014 (Bremen, Alemanha)<\/div>\n<h2>Fullet sobre la higiene en piscines p\u00fabliques naturals<\/h2>\n<p>La primera visi\u00f3 general de la higiene a les piscines p\u00fabliques amb la purificaci\u00f3 biol\u00f2gica de l'aigua editat per IOB. \u00a0\u00a0\u00a0\u00a0\u00a0\u00a0\u00a0\u00a0\u00a0\u00a0\u00a0\u00a0 <span class=\"mehr\"><a class=\"mehr\" href=\"https:\/\/giabn.com\/brochure-about-hygiene-in-public-swimming-ponds\/\" target=\"_blank\" rel=\"noopener\">m\u00e9s<\/a><\/span><\/p>\n<\/div>\n<div class=\"listelement\">\n<div>\n<hr \/>\n<\/div>\n<div><\/div>\n<div class=\"randbemerkung\">1 \/ juliol \/ 2014 (Aljezur, Portugal)<\/div>\n<h2>1. Confer\u00e8ncia Ib\u00e8rica de Piscines amb tractament biol\u00f2gic<\/h2>\n<p>Les piscines de tractament biol\u00f2gic estaran enfocats en el primer Congr\u00e9s Ib\u00e8ric sobre el tema, el 30 setembre 2014 a Aljezur, Portugal, organitzada per Grup Ib\u00e8ric de bany naturalitzat GIABN. \u00a0\u00a0\u00a0\u00a0\u00a0\u00a0\u00a0\u00a0\u00a0\u00a0\u00a0\u00a0 <span class=\"mehr\"><a class=\"mehr\" href=\"https:\/\/giabn.com\/1-conferencia-iberica-de-piscinas-com-tratamento-biologico\/\">m\u00e9s<\/a><\/span><\/p>\n<\/div>\n<div class=\"listelement\">\n<div>\n<hr \/>\n<\/div>\n<div><\/div>\n<div class=\"randbemerkung\">1 \/ juliol \/ 2014<\/div>\n<h2>Nova GIABN email<\/h2>\n<p>Informar a tots els nostres membres i amics que GIABN t\u00e9 un nou correu electr\u00f2nic: giabn.org@gmail.com<\/p>\n<div>\n<hr \/>\n<\/div>\n<\/div>\n<div class=\"listelement\">\n<div><\/div>\n<div class=\"randbemerkung\">17 \/ juny \/ 2014 (Cabrils)<\/div>\n<h2>Piscina de tratamento biol\u00f2gic no Pa\u00eds Basc<\/h2>\n<p>A cidade de Orduna, Pa\u00eds Basc, preparar el projecte de uma piscina d'tratamento biol\u00f2gic. Ser\u00e0 la primera p\u00fablica a Espanya. \u00a0\u00a0\u00a0\u00a0\u00a0\u00a0\u00a0\u00a0\u00a0\u00a0\u00a0\u00a0 <span class=\"mehr\"><a class=\"mehr\" href=\"http:\/\/giabn.org\/cms\/iob\/ca\/cms?cms_knuuid=65a643ec-3818-490e-a503-5195e98d68ad\">m\u00e9s<\/a><\/span><\/p>\n<\/div>\n<div class=\"listelement\">\n<div>\n<hr \/>\n<\/div>\n<div><\/div>\n<div class=\"randbemerkung\">23 \/ octubre \/ 2013 (Bregenz, Austria)<\/div>\n<h2>Piscina naturalizada Congr\u00e9s<\/h2>\n<p>El proper Congr\u00e9s Internacional i Exposici\u00f3 de piscines biol\u00f2giques es duran a terme a Col\u00f2nia, Alemanya (octubre, 2015).<\/p>\n<\/div>\n<\/div>\n<\/div>\n<div>\n<hr \/>\n<\/div>\n<div class=\"wkt_newsgruppeliste\">\n<div class=\"liste\">\n<div class=\"listelement\">\n<div><\/div>\n<div class=\"randbemerkung\">22 \/ octubre \/ 2013 (Bona, Alemanya)<\/div>\n<h2>Directiva FLL ara tamb\u00e9 en angl\u00e8s<\/h2>\n<p>Les \"Directrius per al disseny, construcci\u00f3, manteniment i explotaci\u00f3 de les piscines amb el tractament biol\u00f2gic de l'aigua (estanys de nataci\u00f3)\" de 2011 ja est\u00e0 disponible en angl\u00e8s. \u00a0\u00a0\u00a0\u00a0\u00a0\u00a0\u00a0\u00a0\u00a0\u00a0\u00a0\u00a0 <span class=\"mehr\"><a class=\"mehr\" href=\"https:\/\/giabn.com\/fll-directive-now-also-in-english\/\" target=\"_blank\" rel=\"noopener\">m\u00e9s<\/a><\/span><\/p>\n<\/div>\n<div class=\"listelement\">\n<div>\n<hr \/>\n<\/div>\n<div><\/div>\n<div class=\"randbemerkung\">26 \/ febrer \/ 2013 (Cabrils - Barcelona)<\/div>\n<h2>Setmana Internacional de la piscina naturalizada 2013<\/h2>\n<p>Aquest any s'estrenar\u00e0 la setmana \u00bbInternacional de la piscina naturalizada\u00ab,del 8 fins al 15 de juny a trav\u00e9s de jornades de portes obertes, visites i demostracions de piscines i molts esdeveniments especials. Fes una ullada a la secci\u00f3 de membres de GIABN i posat contacte amb la companyia de la teva zona per obtenir m\u00e9s informaci\u00f3 sobre aquest esdeveniment.<\/p>\n<div>\n<hr \/>\n<\/div>\n<\/div>\n<div class=\"listelement\">\n<div><\/div>\n<div class=\"randbemerkung\">19 \/ abril \/ 2012 (Fund\u00e3o, Portugal)<\/div>\n<h2>Eleccions<\/h2>\n<p>L'Associaci\u00f3 ha tingut una elecci\u00f3 a la Junta en la seva assemblea general. Udo Schwarzer va ser triat per a succeir com a vicepresident Enge Pere, que es retira per motius professionals. Nou Secretari Executiu \u00e9s ara Stefan Meier.<\/p>\n<div>\n<hr \/>\n<\/div>\n<\/div>\n<div class=\"listelement\">\n<div><\/div>\n<div class=\"randbemerkung\">29 \/ octubre \/ 2011 (Budweis, Rep\u00fablica Txeca)<\/div>\n<h2>El nou lideratge del Grup Ib\u00e8ric<\/h2>\n<p>El Grup Ib\u00e8ric de l'Assemblea General acaba d'aprovar una nova direcci\u00f3. Carles P\u00e9rez \u00e9s el nou president. Udo Schwarzer obt\u00e9 el c\u00e0rrec de secretari. Com vicepresident, tesoueiro, i les veus segueixen Peter Enge, Ignasi Pujol-Xicoy i Claudia Schwarzer.<\/p>\n<div>\n<hr \/>\n<\/div>\n<\/div>\n<div class=\"listelement\">\n<div><\/div>\n<div class=\"randbemerkung\">30 \/ gener \/ 2011 (Berl\u00edn, Alemanya)<\/div>\n<h2>Piscines clorades i risc d'asma en nadons<\/h2>\n<p>\"Hi ha indicis que l'ambient de piscines clorades afavoreix l'asma en nadons. S'est\u00e0 estudiant els materials i els seus efectes en l'interior de les piscines clorades cobertes per omplir el vuit actual Aquesta \u00e9s la idea que recull l'Ag\u00e8ncia Ambiental Federal d'Alemanya advertint que el clor pot causar problemes en els m\u00e9s petits. \u00a0\u00a0\u00a0\u00a0\u00a0\u00a0\u00a0\u00a0\u00a0\u00a0\u00a0\u00a0 <span class=\"mehr\"><a class=\"mehr\" href=\"https:\/\/giabn.com\/asthma-risk-in-baby-swimming-in-chlorine\/\" target=\"_blank\" rel=\"noopener\">m\u00e9s<\/a><\/span><\/p>\n<\/div>\n<div class=\"listelement\">\n<div>\n<hr \/>\n<\/div>\n<div><\/div>\n<div class=\"randbemerkung\">14 \/ agost \/ 2010 (Bremen, Alemanya)<\/div>\n<h2>Proposta de Directrius d'estanys de nataci\u00f3<\/h2>\n<p>L'Organitzaci\u00f3 Internacional per a les aig\u00fces de bany naturals va donar a con\u00e8ixer un projecte de la \"Directriu Marc p\u00fablica piscines naturals\". \u00a0\u00a0\u00a0\u00a0\u00a0\u00a0\u00a0\u00a0\u00a0\u00a0\u00a0\u00a0 <span class=\"mehr\"><a class=\"mehr\" href=\"https:\/\/giabn.com\/proposal-guidelines-for-swimming-ponds\/\">m\u00e9s<\/a><\/span><\/p>\n<\/div>\n<div class=\"listelement\">\n<div>\n<hr \/>\n<\/div>\n<div><\/div>\n<div class=\"randbemerkung\">4 \/ juliol \/ 2010 (Bremen, Alemanya)<\/div>\n<h2>Formaci\u00f3 en Angl\u00e8s<\/h2>\n<p>La Societat Alemanya per a les aig\u00fces de bany naturals (DGfnB) planeja pel 2012 a Weihenstephan, un curs de capacitaci\u00f3 per a la creaci\u00f3 de piscines naturalitzades en angl\u00e8s.<\/p>\n<\/div>\n<\/div>\n<\/div>\n<\/div>\n<\/div>\n<\/div>\n<\/div>\n<\/div>\n<\/div>\n<\/div>\n<\/div>\n<\/div>\n<\/div>\n<\/div><\/div><\/div><\/div><\/div><\/div><\/div>","protected":false},"excerpt":{"rendered":"<p>Not\u00edcies 15 \/ novembre \/ 2014 (Faro, Portugal) Insmed recomana bany naturalitzades Per primera vegada, un programa de la Uni\u00f3 Europea recomana [&hellip;]<\/p>\n","protected":false},"author":1,"featured_media":0,"parent":0,"menu_order":0,"comment_status":"closed","ping_status":"closed","template":"","meta":{"footnotes":""},"class_list":["post-5565","page","type-page","status-publish","hentry"],"yoast_head":"<!-- This site is optimized with the Yoast SEO plugin v27.5 - https:\/\/yoast.com\/product\/yoast-seo-wordpress\/ -->\n<title>Not\u00edcies - GIABN<\/title>\n<meta name=\"robots\" content=\"index, follow, max-snippet:-1, max-image-preview:large, max-video-preview:-1\" \/>\n<link rel=\"canonical\" href=\"https:\/\/giabn.com\/news\/\" \/>\n<meta name=\"twitter:card\" content=\"summary_large_image\" \/>\n<meta name=\"twitter:title\" content=\"[:en]News[:pt]Novidades[:ca]Not\u00edcies[:es]Noticias[:] - GIABN\" \/>\n<meta name=\"twitter:description\" content=\"Not\u00edcies 15 \/ novembre \/ 2014 (Faro, Portugal) Insmed recomana bany naturalitzades Per primera vegada, un programa de la Uni\u00f3 Europea recomana [&hellip;]\" \/>\n<meta name=\"twitter:label1\" content=\"Temps estimat de lectura\" \/>\n\t<meta name=\"twitter:data1\" content=\"13 minuts\" \/>\n<script type=\"application\/ld+json\" class=\"yoast-schema-graph\">{\"@context\":\"https:\\\/\\\/schema.org\",\"@graph\":[{\"@type\":\"WebPage\",\"@id\":\"https:\\\/\\\/giabn.com\\\/news\\\/\",\"url\":\"https:\\\/\\\/giabn.com\\\/news\\\/\",\"name\":\"[:en]News[:pt]Novidades[:ca]Not\u00edcies[:es]Noticias[:] - GIABN\",\"isPartOf\":{\"@id\":\"https:\\\/\\\/giabn.com\\\/ca\\\/#website\"},\"datePublished\":\"2023-01-18T14:48:07+00:00\",\"dateModified\":\"2023-01-18T17:45:50+00:00\",\"breadcrumb\":{\"@id\":\"https:\\\/\\\/giabn.com\\\/news\\\/#breadcrumb\"},\"inLanguage\":\"ca\",\"potentialAction\":[{\"@type\":\"ReadAction\",\"target\":[\"https:\\\/\\\/giabn.com\\\/news\\\/\"]}]},{\"@type\":\"BreadcrumbList\",\"@id\":\"https:\\\/\\\/giabn.com\\\/news\\\/#breadcrumb\",\"itemListElement\":[{\"@type\":\"ListItem\",\"position\":1,\"name\":\"Home\",\"item\":\"https:\\\/\\\/giabn.com\\\/\"},{\"@type\":\"ListItem\",\"position\":2,\"name\":\"Noticias\"}]},{\"@type\":\"WebSite\",\"@id\":\"https:\\\/\\\/giabn.com\\\/ca\\\/#website\",\"url\":\"https:\\\/\\\/giabn.com\\\/ca\\\/\",\"name\":\"GIABN\",\"description\":\"Grupo Ib&eacute;rico de Aguas de Ba\u00f1o Naturalizadas GIABN\",\"publisher\":{\"@id\":\"https:\\\/\\\/giabn.com\\\/ca\\\/#organization\"},\"potentialAction\":[{\"@type\":\"SearchAction\",\"target\":{\"@type\":\"EntryPoint\",\"urlTemplate\":\"https:\\\/\\\/giabn.com\\\/ca\\\/?s={search_term_string}\"},\"query-input\":{\"@type\":\"PropertyValueSpecification\",\"valueRequired\":true,\"valueName\":\"search_term_string\"}}],\"inLanguage\":\"ca\"},{\"@type\":\"Organization\",\"@id\":\"https:\\\/\\\/giabn.com\\\/ca\\\/#organization\",\"name\":\"IOB EV\",\"url\":\"https:\\\/\\\/giabn.com\\\/ca\\\/\",\"logo\":{\"@type\":\"ImageObject\",\"inLanguage\":\"ca\",\"@id\":\"https:\\\/\\\/giabn.com\\\/ca\\\/#\\\/schema\\\/logo\\\/image\\\/\",\"url\":\"https:\\\/\\\/giabn.com\\\/wp-content\\\/uploads\\\/2023\\\/01\\\/logo-giabn.png\",\"contentUrl\":\"https:\\\/\\\/giabn.com\\\/wp-content\\\/uploads\\\/2023\\\/01\\\/logo-giabn.png\",\"width\":134,\"height\":101,\"caption\":\"IOB EV\"},\"image\":{\"@id\":\"https:\\\/\\\/giabn.com\\\/ca\\\/#\\\/schema\\\/logo\\\/image\\\/\"}}]}<\/script>\n<!-- \/ Yoast SEO plugin. -->","yoast_head_json":{"title":"[:en]News[:pt]Novidades[:ca]Not\u00edcies[:es]Noticias[:] - GIABN","robots":{"index":"index","follow":"follow","max-snippet":"max-snippet:-1","max-image-preview":"max-image-preview:large","max-video-preview":"max-video-preview:-1"},"canonical":"https:\/\/giabn.com\/news\/","twitter_card":"summary_large_image","twitter_title":"[:en]News[:pt]Novidades[:ca]Not\u00edcies[:es]Noticias[:] - GIABN","twitter_description":"Not\u00edcies 15 \/ novembre \/ 2014 (Faro, Portugal) Insmed recomana bany naturalitzades Per primera vegada, un programa de la Uni\u00f3 Europea recomana [&hellip;]","twitter_misc":{"Temps estimat de lectura":"13 minuts"},"schema":{"@context":"https:\/\/schema.org","@graph":[{"@type":"WebPage","@id":"https:\/\/giabn.com\/news\/","url":"https:\/\/giabn.com\/news\/","name":"[:en]News[:pt]Novidades[:ca]Not\u00edcies[:es]Noticias[:] - GIABN","isPartOf":{"@id":"https:\/\/giabn.com\/ca\/#website"},"datePublished":"2023-01-18T14:48:07+00:00","dateModified":"2023-01-18T17:45:50+00:00","breadcrumb":{"@id":"https:\/\/giabn.com\/news\/#breadcrumb"},"inLanguage":"ca","potentialAction":[{"@type":"ReadAction","target":["https:\/\/giabn.com\/news\/"]}]},{"@type":"BreadcrumbList","@id":"https:\/\/giabn.com\/news\/#breadcrumb","itemListElement":[{"@type":"ListItem","position":1,"name":"Home","item":"https:\/\/giabn.com\/"},{"@type":"ListItem","position":2,"name":"Noticias"}]},{"@type":"WebSite","@id":"https:\/\/giabn.com\/ca\/#website","url":"https:\/\/giabn.com\/ca\/","name":"GIABN","description":"Grupo Ib&eacute;rico de Aguas de Ba\u00f1o Naturalizadas GIABN","publisher":{"@id":"https:\/\/giabn.com\/ca\/#organization"},"potentialAction":[{"@type":"SearchAction","target":{"@type":"EntryPoint","urlTemplate":"https:\/\/giabn.com\/ca\/?s={search_term_string}"},"query-input":{"@type":"PropertyValueSpecification","valueRequired":true,"valueName":"search_term_string"}}],"inLanguage":"ca"},{"@type":"Organization","@id":"https:\/\/giabn.com\/ca\/#organization","name":"IOB EV","url":"https:\/\/giabn.com\/ca\/","logo":{"@type":"ImageObject","inLanguage":"ca","@id":"https:\/\/giabn.com\/ca\/#\/schema\/logo\/image\/","url":"https:\/\/giabn.com\/wp-content\/uploads\/2023\/01\/logo-giabn.png","contentUrl":"https:\/\/giabn.com\/wp-content\/uploads\/2023\/01\/logo-giabn.png","width":134,"height":101,"caption":"IOB EV"},"image":{"@id":"https:\/\/giabn.com\/ca\/#\/schema\/logo\/image\/"}}]}},"_links":{"self":[{"href":"https:\/\/giabn.com\/ca\/wp-json\/wp\/v2\/pages\/5565","targetHints":{"allow":["GET"]}}],"collection":[{"href":"https:\/\/giabn.com\/ca\/wp-json\/wp\/v2\/pages"}],"about":[{"href":"https:\/\/giabn.com\/ca\/wp-json\/wp\/v2\/types\/page"}],"author":[{"embeddable":true,"href":"https:\/\/giabn.com\/ca\/wp-json\/wp\/v2\/users\/1"}],"replies":[{"embeddable":true,"href":"https:\/\/giabn.com\/ca\/wp-json\/wp\/v2\/comments?post=5565"}],"version-history":[{"count":0,"href":"https:\/\/giabn.com\/ca\/wp-json\/wp\/v2\/pages\/5565\/revisions"}],"wp:attachment":[{"href":"https:\/\/giabn.com\/ca\/wp-json\/wp\/v2\/media?parent=5565"}],"curies":[{"name":"wp","href":"https:\/\/api.w.org\/{rel}","templated":true}]}}